{"id":1431,"date":"2017-11-21T21:51:54","date_gmt":"2017-11-21T18:51:54","guid":{"rendered":"https:\/\/plurifor.iefc.net\/pinewood-nematode\/"},"modified":"2019-07-29T15:51:41","modified_gmt":"2019-07-29T12:51:41","slug":"nematodo-de-la-madera-de-pino","status":"publish","type":"page","link":"https:\/\/plurifor.iefc.net\/es\/nematodo-de-la-madera-de-pino\/","title":{"rendered":"Nematodo de la madera del pino"},"content":{"rendered":"<div class=\"fusion-fullwidth fullwidth-box fusion-builder-row-1 nonhundred-percent-fullwidth non-hundred-percent-height-scrolling\" style=\"--awb-border-radius-top-left:0px;--awb-border-radius-top-right:0px;--awb-border-radius-bottom-right:0px;--awb-border-radius-bottom-left:0px;--awb-flex-wrap:wrap;\" ><div class=\"fusion-builder-row fusion-row\"><div class=\"fusion-layout-column fusion_builder_column fusion-builder-column-0 fusion_builder_column_1_1 1_1 fusion-one-full fusion-column-first fusion-column-last\" style=\"--awb-bg-size:cover;--awb-margin-bottom:0px;\"><div class=\"fusion-column-wrapper fusion-flex-column-wrapper-legacy\"><div class=\"fusion-text fusion-text-1\"><\/div><div class=\"fusion-text fusion-text-2\"><p><img decoding=\"async\" class=\"size-thumbnail wp-image-1332 alignleft\" src=\"https:\/\/plurifor.iefc.net\/wp-content\/uploads\/2017\/11\/nematodo_de_la_madera_del_pino_min-2-150x150.jpg\" alt=\"\" width=\"150\" height=\"150\" srcset=\"https:\/\/plurifor.iefc.net\/wp-content\/uploads\/2017\/11\/nematodo_de_la_madera_del_pino_min-2-66x66.jpg 66w, https:\/\/plurifor.iefc.net\/wp-content\/uploads\/2017\/11\/nematodo_de_la_madera_del_pino_min-2-150x150.jpg 150w, https:\/\/plurifor.iefc.net\/wp-content\/uploads\/2017\/11\/nematodo_de_la_madera_del_pino_min-2-200x200.jpg 200w, https:\/\/plurifor.iefc.net\/wp-content\/uploads\/2017\/11\/nematodo_de_la_madera_del_pino_min-2-300x300.jpg 300w, https:\/\/plurifor.iefc.net\/wp-content\/uploads\/2017\/11\/nematodo_de_la_madera_del_pino_min-2-400x400.jpg 400w, https:\/\/plurifor.iefc.net\/wp-content\/uploads\/2017\/11\/nematodo_de_la_madera_del_pino_min-2.jpg 500w\" sizes=\"(max-width: 150px) 100vw, 150px\" \/><\/p>\n<p>El nematodo de la madera del pino (<em>Bursaphelenchus xylophilus<\/em>) invade los tallos y ramas de los pinos causando un marchitamiento repentino y la muerte de los pinos. En Europa, la especie est\u00e1 actualmente establecida s\u00f3lo en Portugal, pero puede propagarse potencialmente a otras especies de con\u00edferas o a otros pa\u00edses.<\/p>\n<\/div><div class=\"fusion-sep-clear\"><\/div><div class=\"fusion-separator fusion-full-width-sep\" style=\"margin-left: auto;margin-right: auto;width:100%;\"><div class=\"fusion-separator-border sep-shadow\" style=\"--awb-height:20px;--awb-amount:20px;background:radial-gradient(ellipse at 50% -50% , #e0dede 0px, rgba(255, 255, 255, 0) 80%) repeat scroll 0 0 rgba(0, 0, 0, 0);background:-webkit-radial-gradient(ellipse at 50% -50% , #e0dede 0px, rgba(255, 255, 255, 0) 80%) repeat scroll 0 0 rgba(0, 0, 0, 0);background:-moz-radial-gradient(ellipse at 50% -50% , #e0dede 0px, rgba(255, 255, 255, 0) 80%) repeat scroll 0 0 rgba(0, 0, 0, 0);background:-o-radial-gradient(ellipse at 50% -50% , #e0dede 0px, rgba(255, 255, 255, 0) 80%) repeat scroll 0 0 rgba(0, 0, 0, 0);\"><\/div><\/div><div class=\"fusion-sep-clear\"><\/div><div class=\"fusion-clearfix\"><\/div><\/div><\/div><div class=\"fusion-layout-column fusion_builder_column fusion-builder-column-1 fusion_builder_column_1_1 1_1 fusion-one-full fusion-column-first fusion-column-last\" style=\"--awb-bg-size:cover;--awb-margin-bottom:0px;\"><div class=\"fusion-column-wrapper fusion-flex-column-wrapper-legacy\"><div class=\"fusion-text fusion-text-3\"><h2 style=\"font-size: 28px;\">Planes de gesti\u00f3n de riesgos y herramientas<\/h2>\n<\/div><div class=\"fusion-text fusion-text-4\"><div class=\"fusion-text\">\n<p><a href=\"https:\/\/plurifor.iefc.net\/wp-content\/uploads\/WP4\/411_PWN.pdf\">Plan de acci\u00f3n nacional para el control del nematodo de la madera del pino en Portugal<\/a> (PT)<\/p>\n<p><a href=\"https:\/\/plurifor.iefc.net\/wp-content\/uploads\/WP2\/plans\/Pinewood-nematode-risk-plan_ES.pdf\">Plan de Contingencia del nematodo de la madera del pino en Castilla y Le\u00f3n V1<\/a>\u00a0(ES)<\/p>\n<p><a href=\"https:\/\/plurifor.iefc.net\/wp-content\/uploads\/WP4\/E411_Pinewood-nematode-risk-plan_final_ES.pdf\">Plan de Contingencia del nematodo de la madera del pino en Castilla y Le\u00f3n V2<\/a>\u00a0(ES)<\/p>\n<p><a href=\"https:\/\/plurifor.iefc.net\/es\/herramientas-para-el-nematodo-de-la-madera-del-pino\/\">Herramientas<\/a><\/p>\n<\/div>\n<\/div><div class=\"fusion-sep-clear\"><\/div><div class=\"fusion-separator fusion-full-width-sep\" style=\"margin-left: auto;margin-right: auto;width:100%;\"><div class=\"fusion-separator-border sep-shadow\" style=\"--awb-height:20px;--awb-amount:20px;background:radial-gradient(ellipse at 50% -50% , #e0dede 0px, rgba(255, 255, 255, 0) 80%) repeat scroll 0 0 rgba(0, 0, 0, 0);background:-webkit-radial-gradient(ellipse at 50% -50% , #e0dede 0px, rgba(255, 255, 255, 0) 80%) repeat scroll 0 0 rgba(0, 0, 0, 0);background:-moz-radial-gradient(ellipse at 50% -50% , #e0dede 0px, rgba(255, 255, 255, 0) 80%) repeat scroll 0 0 rgba(0, 0, 0, 0);background:-o-radial-gradient(ellipse at 50% -50% , #e0dede 0px, rgba(255, 255, 255, 0) 80%) repeat scroll 0 0 rgba(0, 0, 0, 0);\"><\/div><\/div><div class=\"fusion-sep-clear\"><\/div><div class=\"fusion-clearfix\"><\/div><\/div><\/div><div class=\"fusion-layout-column fusion_builder_column fusion-builder-column-2 fusion_builder_column_1_1 1_1 fusion-one-full fusion-column-first fusion-column-last\" style=\"--awb-bg-size:cover;--awb-margin-bottom:0px;\"><div class=\"fusion-column-wrapper fusion-flex-column-wrapper-legacy\"><div class=\"fusion-text fusion-text-5\"><div class=\"fusion-text\">\n<div class=\"fusion-text\">\n<h2 style=\"font-size: 28px;\">Taller sobre el riesgo del nematodo de la madera del pino\u00a03: <em>Difusi\u00f3n del\u00a0<\/em><em>plan de gesti\u00f3n<\/em><\/h2>\n<\/div>\n<\/div>\n<\/div><div class=\"fusion-text fusion-text-6\"><p><a href=\"\/?page_id=7634\">Presentaciones<\/a><\/p>\n<\/div><div class=\"fusion-text fusion-text-7\"><p><a href=\"https:\/\/plurifor.iefc.net\/wp-content\/uploads\/WP4\/E421_PWN.pdf\">Actas<\/a> (FR)<\/p>\n<\/div><div class=\"fusion-text fusion-text-8\"><h2 style=\"font-size: 28px;\">Taller sobre el riesgo del nematodo de la madera del pino\u00a02:\u00a0<em>Evaluaci\u00f3n del plan de gesti\u00f3n de riesgos<\/em><\/h2>\n<div class=\"fusion-text\"><\/div>\n<\/div><div class=\"fusion-text fusion-text-9\"><p>14 Marzo 2019 en Cestas (Francia)<\/p>\n<p><a href=\"https:\/\/plurifor.iefc.net\/wp-content\/uploads\/WP4\/E321_PWN_France.xlsx\">Evaluaci\u00f3n econ\u00f3mica del plan<\/a> (EN)<\/p>\n<\/div><div class=\"fusion-text fusion-text-10\"><p>20 Noviembre 2018 en Santa Ana (Espa\u00f1a)<\/p>\n<p><a href=\"https:\/\/plurifor.iefc.net\/wp-content\/uploads\/WP3\/E311_pinewood-nematode.pdf\">Actas<\/a> (ES)<\/p>\n<\/div><div class=\"fusion-text fusion-text-11\"><h1 style=\"font-size: 28px;\">Taller sobre el riesgo del nematodo de la madera del pino 1: <em>Avances hacia nuevos m\u00e9todos de detecci\u00f3n<\/em><em><br \/>\n<\/em><\/h1>\n<\/div><div class=\"fusion-text fusion-text-12\"><p>26 de enero de 2018 en Oeiras (Portugal).<\/p>\n<p>Este taller forma parte de la serie de talleres transnacionales de formaci\u00f3n organizados por el proyecto PLURIFOR. Estos talleres tienen por objeto intercambiar conocimientos sobre la gesti\u00f3n del riesgo forestal entre los socios del proyecto.<\/p>\n<p><a href=\"https:\/\/plurifor.iefc.net\/wp-content\/uploads\/WP2\/workshop_material\/pine_wood_nematode_workshop_agenda_26-january-2018_2.pdf\">Programa<\/a><\/p>\n<p><a title=\"Minutes of the pine wood nematode risk workshop\" href=\"https:\/\/plurifor.iefc.net\/wp-content\/uploads\/WP2\/2.1.1\/PWN\/PWN-workshop-minutes.pdf\">Actas<\/a><\/p>\n<p><a href=\"\/?page_id=7634\">Presentaciones<\/a><\/p>\n<\/div><div class=\"fusion-sep-clear\"><\/div><div class=\"fusion-separator fusion-full-width-sep\" style=\"margin-left: auto;margin-right: auto;width:100%;\"><div class=\"fusion-separator-border sep-shadow\" style=\"--awb-height:20px;--awb-amount:20px;background:radial-gradient(ellipse at 50% -50% , #e0dede 0px, rgba(255, 255, 255, 0) 80%) repeat scroll 0 0 rgba(0, 0, 0, 0);background:-webkit-radial-gradient(ellipse at 50% -50% , #e0dede 0px, rgba(255, 255, 255, 0) 80%) repeat scroll 0 0 rgba(0, 0, 0, 0);background:-moz-radial-gradient(ellipse at 50% -50% , #e0dede 0px, rgba(255, 255, 255, 0) 80%) repeat scroll 0 0 rgba(0, 0, 0, 0);background:-o-radial-gradient(ellipse at 50% -50% , #e0dede 0px, rgba(255, 255, 255, 0) 80%) repeat scroll 0 0 rgba(0, 0, 0, 0);\"><\/div><\/div><div class=\"fusion-sep-clear\"><\/div><div class=\"fusion-sep-clear\"><\/div><div class=\"fusion-separator fusion-full-width-sep\" style=\"margin-left: auto;margin-right: auto;width:100%;\"><div class=\"fusion-separator-border sep-shadow\" style=\"--awb-height:20px;--awb-amount:20px;background:radial-gradient(ellipse at 50% -50% , #e0dede 0px, rgba(255, 255, 255, 0) 80%) repeat scroll 0 0 rgba(0, 0, 0, 0);background:-webkit-radial-gradient(ellipse at 50% -50% , #e0dede 0px, rgba(255, 255, 255, 0) 80%) repeat scroll 0 0 rgba(0, 0, 0, 0);background:-moz-radial-gradient(ellipse at 50% -50% , #e0dede 0px, rgba(255, 255, 255, 0) 80%) repeat scroll 0 0 rgba(0, 0, 0, 0);background:-o-radial-gradient(ellipse at 50% -50% , #e0dede 0px, rgba(255, 255, 255, 0) 80%) repeat scroll 0 0 rgba(0, 0, 0, 0);\"><\/div><\/div><div class=\"fusion-sep-clear\"><\/div><div class=\"fusion-clearfix\"><\/div><\/div><\/div><div class=\"fusion-layout-column fusion_builder_column fusion-builder-column-3 fusion_builder_column_1_1 1_1 fusion-one-full fusion-column-first fusion-column-last\" style=\"--awb-bg-size:cover;--awb-margin-bottom:0px;\"><div class=\"fusion-column-wrapper fusion-flex-column-wrapper-legacy\"><div class=\"fusion-text fusion-text-13\"><h2>Resultados<\/h2>\n<\/div><div class=\"fusion-text fusion-text-14\"><h3>Informes regionales<\/h3>\n<p>Informes que describen c\u00f3mo se gestionaba el riesgo de nematodo de la madera de pino en las regiones implicadas al inicio del proyecto, en 2016:<\/p>\n<ul>\n<li><a href=\"https:\/\/plurifor.iefc.net\/wp-content\/uploads\/WP1\/1.2.1\/Aquitaine\/WP1_Aquitaine.pdf\">Gesti\u00f3n del riesgo forestal en Aquitainia (2016)<\/a>\u00a0(FR)<\/li>\n<li><a title=\"Forest risk management in Castilla y Le\u00f3n (2016)\" href=\"https:\/\/plurifor.iefc.net\/wp-content\/uploads\/WP1\/1.2.1\/Castilla_y_Leon\/WP1_Castilla-y-Le\u00f3n.pdf\">Gesti\u00f3n del riesgo forestal en Castilla y Le\u00f3n (2016)<\/a><\/li>\n<li><a title=\"Forest risk management in Portugal (2016)\" href=\"https:\/\/plurifor.iefc.net\/wp-content\/uploads\/WP1\/1.2.1\/Portugal\/WP1_Portugal.pdf\">Lesti\u00f3n del riesgo forestal en Portugal (2016)<\/a> (PT)<\/li>\n<\/ul>\n<h3>Informe de s\u00edntesis<\/h3>\n<p>Informe que resume la gesti\u00f3n de los ocho riesgos en las regiones respectivas al inicio del proyecto, en 2016:<\/p>\n<ul>\n<li><a href=\"https:\/\/plurifor.iefc.net\/wp-content\/uploads\/WP1\/1.2.2\/WP1-Summary-report-FINAL.pdf\">Informe resumido (2016)<\/a> (EN)<\/li>\n<\/ul>\n<\/div><div class=\"fusion-sep-clear\"><\/div><div class=\"fusion-separator fusion-full-width-sep\" style=\"margin-left: auto;margin-right: auto;width:100%;\"><div class=\"fusion-separator-border sep-shadow\" style=\"--awb-height:20px;--awb-amount:20px;background:radial-gradient(ellipse at 50% -50% , #e0dede 0px, rgba(255, 255, 255, 0) 80%) repeat scroll 0 0 rgba(0, 0, 0, 0);background:-webkit-radial-gradient(ellipse at 50% -50% , #e0dede 0px, rgba(255, 255, 255, 0) 80%) repeat scroll 0 0 rgba(0, 0, 0, 0);background:-moz-radial-gradient(ellipse at 50% -50% , #e0dede 0px, rgba(255, 255, 255, 0) 80%) repeat scroll 0 0 rgba(0, 0, 0, 0);background:-o-radial-gradient(ellipse at 50% -50% , #e0dede 0px, rgba(255, 255, 255, 0) 80%) repeat scroll 0 0 rgba(0, 0, 0, 0);\"><\/div><\/div><div class=\"fusion-sep-clear\"><\/div><div class=\"fusion-clearfix\"><\/div><\/div><\/div><div class=\"fusion-layout-column fusion_builder_column fusion-builder-column-4 fusion_builder_column_1_1 1_1 fusion-one-full fusion-column-first fusion-column-last\" style=\"--awb-bg-size:cover;--awb-margin-bottom:0px;\"><div class=\"fusion-column-wrapper fusion-flex-column-wrapper-legacy\"><div class=\"fusion-text fusion-text-15\"><h2 style=\"font-size: 28px;\">Contactos<\/h2>\n<\/div><div class=\"fusion-text fusion-text-16\"><ul>\n<li><strong>Aquitania<\/strong>: Herv\u00e9 Jactel (INRA) &#8211;\u00a0herve.jactel @ inra.fr &#8211; Coordinador<\/li>\n<li><strong>Castilla y Le\u00f3n<\/strong>: Jorge Casado (TRAGSA) &#8211; jcaa @ tragsa.es<\/li>\n<li><strong>Portugal<\/strong>: Edmundo Sousa (INIAV) &#8211; edmundo.sousa @ iniav.pt<\/li>\n<\/ul>\n<\/div><div class=\"fusion-clearfix\"><\/div><\/div><\/div><\/div><\/div>\n","protected":false},"excerpt":{"rendered":"","protected":false},"author":3,"featured_media":0,"parent":0,"menu_order":0,"comment_status":"closed","ping_status":"closed","template":"","meta":[],"_links":{"self":[{"href":"https:\/\/plurifor.iefc.net\/es\/wp-json\/wp\/v2\/pages\/1431"}],"collection":[{"href":"https:\/\/plurifor.iefc.net\/es\/wp-json\/wp\/v2\/pages"}],"about":[{"href":"https:\/\/plurifor.iefc.net\/es\/wp-json\/wp\/v2\/types\/page"}],"author":[{"embeddable":true,"href":"https:\/\/plurifor.iefc.net\/es\/wp-json\/wp\/v2\/users\/3"}],"replies":[{"embeddable":true,"href":"https:\/\/plurifor.iefc.net\/es\/wp-json\/wp\/v2\/comments?post=1431"}],"version-history":[{"count":99,"href":"https:\/\/plurifor.iefc.net\/es\/wp-json\/wp\/v2\/pages\/1431\/revisions"}],"predecessor-version":[{"id":7739,"href":"https:\/\/plurifor.iefc.net\/es\/wp-json\/wp\/v2\/pages\/1431\/revisions\/7739"}],"wp:attachment":[{"href":"https:\/\/plurifor.iefc.net\/es\/wp-json\/wp\/v2\/media?parent=1431"}],"curies":[{"name":"wp","href":"https:\/\/api.w.org\/{rel}","templated":true}]}}